{"id":23,"date":"2023-09-08T19:41:39","date_gmt":"2023-09-08T19:41:39","guid":{"rendered":"https:\/\/www.dermadoc.at\/2023\/?page_id=23"},"modified":"2026-04-12T07:00:18","modified_gmt":"2026-04-12T07:00:18","slug":"elementor-23","status":"publish","type":"page","link":"https:\/\/www.dermadoc.at\/2023\/","title":{"rendered":"Elementor #23"},"content":{"rendered":"\t\t<div data-elementor-type=\"wp-post\" data-elementor-id=\"23\" class=\"elementor elementor-23\">\n\t\t\t\t\t\t<section class=\"elementor-section elementor-top-section elementor-element elementor-element-5fc4dc6 elementor-section-full_width elementor-section-height-default elementor-section-height-default\" data-id=\"5fc4dc6\" data-element_type=\"section\" data-e-type=\"section\" data-settings=\"{&quot;background_background&quot;:&quot;classic&quot;}\">\n\t\t\t\t\t\t<div class=\"elementor-container elementor-column-gap-default\">\n\t\t\t\t\t<div class=\"elementor-column elementor-col-100 elementor-top-column elementor-element elementor-element-a60369d\" data-id=\"a60369d\" data-element_type=\"column\" data-e-type=\"column\">\n\t\t\t<div class=\"elementor-widget-wrap elementor-element-populated\">\n\t\t\t\t\t\t<div class=\"elementor-element elementor-element-c6cd285 elementor-widget elementor-widget-heading\" data-id=\"c6cd285\" data-element_type=\"widget\" data-e-type=\"widget\" data-widget_type=\"heading.default\">\n\t\t\t\t<div class=\"elementor-widget-container\">\n\t\t\t\t\t<h2 class=\"elementor-heading-title elementor-size-default\">Dermadoc<\/h2>\t\t\t\t<\/div>\n\t\t\t\t<\/div>\n\t\t\t\t\t<\/div>\n\t\t<\/div>\n\t\t\t\t\t<\/div>\n\t\t<\/section>\n\t\t\t\t<section class=\"elementor-section elementor-top-section elementor-element elementor-element-a1d02bd elementor-section-full_width elementor-section-stretched elementor-section-height-default elementor-section-height-default\" data-id=\"a1d02bd\" data-element_type=\"section\" data-e-type=\"section\" data-settings=\"{&quot;stretch_section&quot;:&quot;section-stretched&quot;}\">\n\t\t\t\t\t\t<div class=\"elementor-container elementor-column-gap-default\">\n\t\t\t\t\t<div class=\"elementor-column elementor-col-66 elementor-top-column elementor-element elementor-element-8028e07\" data-id=\"8028e07\" data-element_type=\"column\" data-e-type=\"column\" data-settings=\"{&quot;background_background&quot;:&quot;classic&quot;}\">\n\t\t\t<div class=\"elementor-widget-wrap elementor-element-populated\">\n\t\t\t\t\t\t<section class=\"elementor-section elementor-inner-section elementor-element elementor-element-62a895b elementor-section-boxed elementor-section-height-default elementor-section-height-default\" data-id=\"62a895b\" data-element_type=\"section\" data-e-type=\"section\">\n\t\t\t\t\t\t<div class=\"elementor-container elementor-column-gap-default\">\n\t\t\t\t\t<div class=\"elementor-column elementor-col-100 elementor-inner-column elementor-element elementor-element-4b88414\" data-id=\"4b88414\" data-element_type=\"column\" data-e-type=\"column\">\n\t\t\t<div class=\"elementor-widget-wrap elementor-element-populated\">\n\t\t\t\t\t\t<div class=\"elementor-element elementor-element-397007d elementor-invisible elementor-widget elementor-widget-heading\" data-id=\"397007d\" data-element_type=\"widget\" data-e-type=\"widget\" data-settings=\"{&quot;_animation&quot;:&quot;fadeInDown&quot;}\" data-widget_type=\"heading.default\">\n\t\t\t\t<div class=\"elementor-widget-container\">\n\t\t\t\t\t<h1 class=\"elementor-heading-title elementor-size-default\">Herzlich Willkommen!<\/h1>\t\t\t\t<\/div>\n\t\t\t\t<\/div>\n\t\t\t\t<div class=\"elementor-element elementor-element-f3945e8 elementor-invisible elementor-widget elementor-widget-text-editor\" data-id=\"f3945e8\" data-element_type=\"widget\" data-e-type=\"widget\" data-settings=\"{&quot;_animation&quot;:&quot;fadeInUp&quot;}\" data-widget_type=\"text-editor.default\">\n\t\t\t\t<div class=\"elementor-widget-container\">\n\t\t\t\t\t\t\t\t\t<p><strong>Dr. Jakob Schnedl. Facharzt f\u00fcr Haut- und Geschlechtskrankheiten.&nbsp;<\/strong><br>\u00d6GK, BVAEB, SVS, KFA Wien, und privat.<br>Termine unter Tel: 01\/890 35 70 oder \u00fcber die <a href=\"http:\/\/dermadoc.at\/2023\/iFrame.html\" target=\"_blank\" rel=\"noopener\">online Terminvereinbarung<\/a><\/p>\t\t\t\t\t\t\t\t<\/div>\n\t\t\t\t<\/div>\n\t\t\t\t<div class=\"elementor-element elementor-element-554099b elementor-invisible elementor-widget elementor-widget-text-editor\" data-id=\"554099b\" data-element_type=\"widget\" data-e-type=\"widget\" data-settings=\"{&quot;_animation&quot;:&quot;fadeInUp&quot;}\" data-widget_type=\"text-editor.default\">\n\t\t\t\t<div class=\"elementor-widget-container\">\n\t\t\t\t\t\t\t\t\t<p><b>.<\/b><\/p>\n<div>&nbsp;<\/div>\n<div><b>LEIDER K\u00d6NNEN WIR AKTUELL KEINE NEUEN PATIENTEN MEHR ANNEHMEN.<\/b><\/div>\t\t\t\t\t\t\t\t<\/div>\n\t\t\t\t<\/div>\n\t\t\t\t\t<\/div>\n\t\t<\/div>\n\t\t\t\t\t<\/div>\n\t\t<\/section>\n\t\t\t\t\t<\/div>\n\t\t<\/div>\n\t\t\t\t<div class=\"elementor-column elementor-col-33 elementor-top-column elementor-element elementor-element-db6b1b3\" data-id=\"db6b1b3\" data-element_type=\"column\" data-e-type=\"column\" data-settings=\"{&quot;background_background&quot;:&quot;slideshow&quot;,&quot;background_slideshow_gallery&quot;:[{&quot;id&quot;:9,&quot;url&quot;:&quot;https:\\\/\\\/www.dermadoc.at\\\/2023\\\/wp-content\\\/uploads\\\/2023\\\/09\\\/AdobeStock_105056678-scaled.jpg&quot;}],&quot;background_slideshow_slide_duration&quot;:5000,&quot;background_slideshow_slide_transition&quot;:&quot;fade&quot;,&quot;background_slideshow_transition_duration&quot;:500}\">\n\t\t\t<div class=\"elementor-widget-wrap\">\n\t\t\t\t\t\t\t<\/div>\n\t\t<\/div>\n\t\t\t\t\t<\/div>\n\t\t<\/section>\n\t\t\t\t<section class=\"elementor-section elementor-top-section elementor-element elementor-element-9413b47 elementor-section-boxed elementor-section-height-default elementor-section-height-default elementor-invisible\" data-id=\"9413b47\" data-element_type=\"section\" data-e-type=\"section\" data-settings=\"{&quot;animation&quot;:&quot;fadeInUp&quot;}\">\n\t\t\t\t\t\t<div class=\"elementor-container elementor-column-gap-custom\">\n\t\t\t\t\t<div class=\"elementor-column elementor-col-33 elementor-top-column elementor-element elementor-element-1cb1e2e\" data-id=\"1cb1e2e\" data-element_type=\"column\" data-e-type=\"column\" data-settings=\"{&quot;background_background&quot;:&quot;classic&quot;}\">\n\t\t\t<div class=\"elementor-widget-wrap elementor-element-populated\">\n\t\t\t\t\t\t<div class=\"elementor-element elementor-element-1c767c2 elementor-widget elementor-widget-heading\" data-id=\"1c767c2\" data-element_type=\"widget\" data-e-type=\"widget\" data-widget_type=\"heading.default\">\n\t\t\t\t<div class=\"elementor-widget-container\">\n\t\t\t\t\t<h2 class=\"elementor-heading-title elementor-size-default\">Ordinationszeiten<\/h2>\t\t\t\t<\/div>\n\t\t\t\t<\/div>\n\t\t\t\t<div class=\"elementor-element elementor-element-66ffe69 elementor-widget elementor-widget-text-editor\" data-id=\"66ffe69\" data-element_type=\"widget\" data-e-type=\"widget\" data-widget_type=\"text-editor.default\">\n\t\t\t\t<div class=\"elementor-widget-container\">\n\t\t\t\t\t\t\t\t\t<p>Mo 14:00\u201319:00<br \/>Di 09:00\u201314:00<br \/>Mi 13:00\u201318:00<br \/>Do 08:00\u201313:00<\/p>\t\t\t\t\t\t\t\t<\/div>\n\t\t\t\t<\/div>\n\t\t\t\t\t<\/div>\n\t\t<\/div>\n\t\t\t\t<div class=\"elementor-column elementor-col-33 elementor-top-column elementor-element elementor-element-06aaeb7\" data-id=\"06aaeb7\" data-element_type=\"column\" data-e-type=\"column\">\n\t\t\t<div class=\"elementor-widget-wrap\">\n\t\t\t\t\t\t\t<\/div>\n\t\t<\/div>\n\t\t\t\t<div class=\"elementor-column elementor-col-33 elementor-top-column elementor-element elementor-element-926f11b\" data-id=\"926f11b\" data-element_type=\"column\" data-e-type=\"column\" data-settings=\"{&quot;background_background&quot;:&quot;classic&quot;}\">\n\t\t\t<div class=\"elementor-widget-wrap elementor-element-populated\">\n\t\t\t\t\t\t<div class=\"elementor-element elementor-element-fb3b7d2 elementor-widget elementor-widget-heading\" data-id=\"fb3b7d2\" data-element_type=\"widget\" data-e-type=\"widget\" data-widget_type=\"heading.default\">\n\t\t\t\t<div class=\"elementor-widget-container\">\n\t\t\t\t\t<h2 class=\"elementor-heading-title elementor-size-default\">Adresse<\/h2>\t\t\t\t<\/div>\n\t\t\t\t<\/div>\n\t\t\t\t<div class=\"elementor-element elementor-element-9458bd1 elementor-widget elementor-widget-text-editor\" data-id=\"9458bd1\" data-element_type=\"widget\" data-e-type=\"widget\" data-widget_type=\"text-editor.default\">\n\t\t\t\t<div class=\"elementor-widget-container\">\n\t\t\t\t\t\t\t\t\t<p>Schallergasse 37 (Ecke Koflergasse), <br \/>1120 Wien.\u00a0<strong>Barrierefrei<\/strong><\/p><p><strong>62 und Badnerbahn<\/strong> \u2013 Marx-Meidlinger-Stra\u00dfe<br \/><strong>59A<\/strong> \u2013 Wolfganggasse<br \/><strong>6\/18<\/strong> \u2013 Arbeitergasse<br \/><strong>U4<\/strong> \u2013 Margareteng\u00fcrtel (+10min Fu\u00dfweg)<\/p>\t\t\t\t\t\t\t\t<\/div>\n\t\t\t\t<\/div>\n\t\t\t\t\t<\/div>\n\t\t<\/div>\n\t\t\t\t\t<\/div>\n\t\t<\/section>\n\t\t\t\t<section class=\"elementor-section elementor-top-section elementor-element elementor-element-d9ff831 elementor-section-boxed elementor-section-height-default elementor-section-height-default elementor-invisible\" data-id=\"d9ff831\" data-element_type=\"section\" data-e-type=\"section\" data-settings=\"{&quot;animation&quot;:&quot;fadeInUp&quot;}\">\n\t\t\t\t\t\t<div class=\"elementor-container elementor-column-gap-default\">\n\t\t\t\t\t<div class=\"elementor-column elementor-col-100 elementor-top-column elementor-element elementor-element-ae16c00\" data-id=\"ae16c00\" data-element_type=\"column\" data-e-type=\"column\">\n\t\t\t<div class=\"elementor-widget-wrap elementor-element-populated\">\n\t\t\t\t\t\t<div class=\"elementor-element elementor-element-cf85294 elementor-widget elementor-widget-heading\" data-id=\"cf85294\" data-element_type=\"widget\" data-e-type=\"widget\" data-widget_type=\"heading.default\">\n\t\t\t\t<div class=\"elementor-widget-container\">\n\t\t\t\t\t<h2 class=\"elementor-heading-title elementor-size-default\">Leistungen<\/h2>\t\t\t\t<\/div>\n\t\t\t\t<\/div>\n\t\t\t\t<div class=\"elementor-element elementor-element-87c0e14 elementor-widget elementor-widget-heading\" data-id=\"87c0e14\" data-element_type=\"widget\" data-e-type=\"widget\" data-widget_type=\"heading.default\">\n\t\t\t\t<div class=\"elementor-widget-container\">\n\t\t\t\t\t<h2 class=\"elementor-heading-title elementor-size-default\">Diagnose und Therapie der Haut- und Geschlechtskrankheiten.\nKinder sind herzlich willkommen!\n<\/h2>\t\t\t\t<\/div>\n\t\t\t\t<\/div>\n\t\t\t\t\t<\/div>\n\t\t<\/div>\n\t\t\t\t\t<\/div>\n\t\t<\/section>\n\t\t\t\t<section class=\"elementor-section elementor-top-section elementor-element elementor-element-5cfdf2d elementor-section-boxed elementor-section-height-default elementor-section-height-default\" data-id=\"5cfdf2d\" data-element_type=\"section\" data-e-type=\"section\" data-settings=\"{&quot;animation&quot;:&quot;none&quot;}\">\n\t\t\t\t\t\t<div class=\"elementor-container elementor-column-gap-default\">\n\t\t\t\t\t<div class=\"elementor-column elementor-col-50 elementor-top-column elementor-element elementor-element-f9fe281\" data-id=\"f9fe281\" data-element_type=\"column\" data-e-type=\"column\">\n\t\t\t<div class=\"elementor-widget-wrap elementor-element-populated\">\n\t\t\t\t\t\t<div class=\"elementor-element elementor-element-753b596 elementor-widget elementor-widget-text-editor\" data-id=\"753b596\" data-element_type=\"widget\" data-e-type=\"widget\" data-widget_type=\"text-editor.default\">\n\t\t\t\t<div class=\"elementor-widget-container\">\n\t\t\t\t\t\t\t\t\t<p><strong>Hautkrebsvorsorge\u00a0<\/strong>mittels klassischer und digitaler Auflichtmikroskopie DermoGenius<!-- [if gte mso 9]><xml>\n <o:OfficeDocumentSettings>\n  <o:AllowPNG\/>\n <\/o:OfficeDocumentSettings>\n<\/xml><![endif]--><span style=\"mso-bidi-font-family: Calibri; mso-bidi-theme-font: minor-latin;\">\u00ae <\/span>ultra polarised. Durch die digitale Verlaufskontrolle k\u00f6nnen kleinste Ver\u00e4nderungen an Muttermalen erkannt werden, was die fr\u00fchzeitige Diagnose von Hautkrebs erm\u00f6glicht.<\/p>\t\t\t\t\t\t\t\t<\/div>\n\t\t\t\t<\/div>\n\t\t\t\t\t<\/div>\n\t\t<\/div>\n\t\t\t\t<div class=\"elementor-column elementor-col-50 elementor-top-column elementor-element elementor-element-a7c0c33\" data-id=\"a7c0c33\" data-element_type=\"column\" data-e-type=\"column\">\n\t\t\t<div class=\"elementor-widget-wrap elementor-element-populated\">\n\t\t\t\t\t\t<div class=\"elementor-element elementor-element-efd2fe1 elementor-widget elementor-widget-text-editor\" data-id=\"efd2fe1\" data-element_type=\"widget\" data-e-type=\"widget\" data-widget_type=\"text-editor.default\">\n\t\t\t\t<div class=\"elementor-widget-container\">\n\t\t\t\t\t\t\t\t\t<p>F\u00fcr die\u00a0<strong>Entfernung verd\u00e4chtiger Hautver\u00e4nderungen<\/strong>steht ein Eingriffsraum zur Verf\u00fcgung, in dem ambulante Eingriffe in Lokalan\u00e4sthesie durchgef\u00fchrt werden k\u00f6nnen.<\/p>\t\t\t\t\t\t\t\t<\/div>\n\t\t\t\t<\/div>\n\t\t\t\t\t<\/div>\n\t\t<\/div>\n\t\t\t\t\t<\/div>\n\t\t<\/section>\n\t\t\t\t<\/div>\n\t\t","protected":false},"excerpt":{"rendered":"<p>Dermadoc Herzlich Willkommen! Dr. Jakob Schnedl. Facharzt f\u00fcr Haut- und Geschlechtskrankheiten.&nbsp;\u00d6GK, BVAEB, SVS, KFA Wien, und privat.Termine unter Tel: 01\/890 35 70 oder \u00fcber die online Terminvereinbarung . &nbsp; LEIDER K\u00d6NNEN WIR AKTUELL KEINE NEUEN PATIENTEN MEHR ANNEHMEN. Ordinationszeiten Mo 14:00\u201319:00Di 09:00\u201314:00Mi 13:00\u201318:00Do 08:00\u201313:00 Adresse Schallergasse 37 (Ecke Koflergasse), 1120 Wien.\u00a0Barrierefrei 62 und Badnerbahn \u2013 [&hellip;]<\/p>\n","protected":false},"author":1,"featured_media":0,"parent":0,"menu_order":0,"comment_status":"closed","ping_status":"closed","template":"","meta":{"footnotes":""},"class_list":["post-23","page","type-page","status-publish","hentry"],"_links":{"self":[{"href":"https:\/\/www.dermadoc.at\/2023\/wp-json\/wp\/v2\/pages\/23","targetHints":{"allow":["GET"]}}],"collection":[{"href":"https:\/\/www.dermadoc.at\/2023\/wp-json\/wp\/v2\/pages"}],"about":[{"href":"https:\/\/www.dermadoc.at\/2023\/wp-json\/wp\/v2\/types\/page"}],"author":[{"embeddable":true,"href":"https:\/\/www.dermadoc.at\/2023\/wp-json\/wp\/v2\/users\/1"}],"replies":[{"embeddable":true,"href":"https:\/\/www.dermadoc.at\/2023\/wp-json\/wp\/v2\/comments?post=23"}],"version-history":[{"count":235,"href":"https:\/\/www.dermadoc.at\/2023\/wp-json\/wp\/v2\/pages\/23\/revisions"}],"predecessor-version":[{"id":342,"href":"https:\/\/www.dermadoc.at\/2023\/wp-json\/wp\/v2\/pages\/23\/revisions\/342"}],"wp:attachment":[{"href":"https:\/\/www.dermadoc.at\/2023\/wp-json\/wp\/v2\/media?parent=23"}],"curies":[{"name":"wp","href":"https:\/\/api.w.org\/{rel}","templated":true}]}}